{"id":2,"date":"2022-06-16T16:06:03","date_gmt":"2022-06-16T14:06:03","guid":{"rendered":"http:\/\/galeriacologne.de\/akademie\/?page_id=2"},"modified":"2022-12-28T16:51:26","modified_gmt":"2022-12-28T15:51:26","slug":"beispiel-seite","status":"publish","type":"page","link":"http:\/\/galeriacologne.de\/akademie\/","title":{"rendered":"Startseite"},"content":{"rendered":"\t\t<div data-elementor-type=\"wp-page\" data-elementor-id=\"2\" class=\"elementor elementor-2\">\n\t\t\t\t\t\t\t\t\t<section class=\"elementor-section elementor-top-section elementor-element elementor-element-120ab899 elementor-section-full_width elementor-section-height-default elementor-section-height-default wpr-particle-no wpr-jarallax-no wpr-parallax-no wpr-sticky-section-no\" data-id=\"120ab899\" data-element_type=\"section\">\n\t\t\t\t\t\t<div class=\"elementor-container elementor-column-gap-default\">\n\t\t\t\t\t<div class=\"elementor-column elementor-col-100 elementor-top-column elementor-element elementor-element-3097d8de\" data-id=\"3097d8de\" data-element_type=\"column\">\n\t\t\t<div class=\"elementor-widget-wrap elementor-element-populated\">\n\t\t\t\t\t\t\t\t<div class=\"elementor-element elementor-element-3cc36aec elementor-widget elementor-widget-text-editor\" data-id=\"3cc36aec\" data-element_type=\"widget\" data-widget_type=\"text-editor.default\">\n\t\t\t\t<div class=\"elementor-widget-container\">\n\t\t\t<style>\/*! elementor - v3.10.2 - 29-01-2023 *\/\n.elementor-widget-text-editor.elementor-drop-cap-view-stacked .elementor-drop-cap{background-color:#818a91;color:#fff}.elementor-widget-text-editor.elementor-drop-cap-view-framed .elementor-drop-cap{color:#818a91;border:3px solid;background-color:transparent}.elementor-widget-text-editor:not(.elementor-drop-cap-view-default) .elementor-drop-cap{margin-top:8px}.elementor-widget-text-editor:not(.elementor-drop-cap-view-default) .elementor-drop-cap-letter{width:1em;height:1em}.elementor-widget-text-editor .elementor-drop-cap{float:left;text-align:center;line-height:1;font-size:50px}.elementor-widget-text-editor .elementor-drop-cap-letter{display:inline-block}<\/style>\t\t\t\t<!-- wp:heading -->\n<h2>Willkommen bei der Kunstakademie Hamm an der Sieg<\/h2>\n<!-- \/wp:heading -->\n\n<!-- wp:spacer {\"height\":\"20px\"} -->\n<div style=\"height:20px\" aria-hidden=\"true\" class=\"wp-block-spacer\"><\/div>\n<!-- \/wp:spacer -->\n\n<!-- wp:paragraph -->\n<p>Wir bieten Malkurse und Workshops im Bereich der Bildenden Kunst und Photographie und richten uns an Kunstinteressierte jedes Alters. Bei uns findest du Kurse zur Aquarell-, Gouache- und Acrylmalerei sowie vielf\u00e4ltige Fotoworkshops. Ein weiterer Schwerpunkt ist Urban Sketching, egal ob im klassischen Skizzenbuch oder digital auf dem Tablet. Die meisten unserer Seminare sind sowohl f\u00fcr Anf\u00e4nger als auch f\u00fcr Fortgeschrittene geeignet.<\/p>\n<!-- \/wp:paragraph -->\n\n<!-- wp:columns -->\n<div class=\"wp-block-columns\"><!-- wp:column {\"width\":\"100%\"} -->\n<div class=\"wp-block-column\" style=\"flex-basis:100%\"><!-- wp:columns -->\n<div class=\"wp-block-columns\"><!-- wp:column {\"width\":\"100%\"} -->\n<div class=\"wp-block-column\" style=\"flex-basis:100%\"><!-- wp:buttons -->\n<div class=\"wp-block-buttons\"><!-- wp:button {\"backgroundColor\":\"cyan-bluish-gray\",\"style\":{\"typography\":{\"fontSize\":\"17px\"}},\"className\":\"is-style-fill\"} -->\n<div class=\"wp-block-button has-custom-font-size is-style-fill\" style=\"font-size:17px\"><a class=\"wp-block-button__link has-cyan-bluish-gray-background-color has-background\" href=\"http:\/\/galeriacologne.de\/akademie\/kurse\/\" rel=\"http:\/\/galeriacologne.de\/akademie\/kurse\/\">Unser Kursprogramm<\/a><\/div>\n<!-- \/wp:button -->\n\n<!-- wp:button {\"backgroundColor\":\"cyan-bluish-gray\",\"style\":{\"typography\":{\"fontSize\":\"17px\"}},\"className\":\"is-style-fill\"} -->\n<div class=\"wp-block-button has-custom-font-size is-style-fill\" style=\"font-size:17px\"><a class=\"wp-block-button__link has-cyan-bluish-gray-background-color has-background\">Neuigkeiten<\/a><\/div>\n<!-- \/wp:button -->\n\n<!-- wp:button {\"backgroundColor\":\"cyan-bluish-gray\",\"style\":{\"typography\":{\"fontSize\":\"17px\"}},\"className\":\"is-style-fill\"} -->\n<div class=\"wp-block-button has-custom-font-size is-style-fill\" style=\"font-size:17px\"><a class=\"wp-block-button__link has-cyan-bluish-gray-background-color has-background\">Mehr zur Akademie<\/a><\/div>\n<!-- \/wp:button --><\/div>\n<!-- \/wp:buttons --><\/div>\n<!-- \/wp:column --><\/div>\n<!-- \/wp:columns --><\/div>\n<!-- \/wp:column --><\/div>\n<!-- \/wp:columns -->\t\t\t\t\t\t<\/div>\n\t\t\t\t<\/div>\n\t\t\t\t\t<\/div>\n\t\t<\/div>\n\t\t\t\t\t\t\t<\/div>\n\t\t<\/section>\n\t\t\t\t<section class=\"elementor-section elementor-top-section elementor-element elementor-element-77e0e3d elementor-section-boxed elementor-section-height-default elementor-section-height-default wpr-particle-no wpr-jarallax-no wpr-parallax-no wpr-sticky-section-no\" data-id=\"77e0e3d\" data-element_type=\"section\">\n\t\t\t\t\t\t<div class=\"elementor-container elementor-column-gap-default\">\n\t\t\t\t\t<div class=\"elementor-column elementor-col-100 elementor-top-column elementor-element elementor-element-62a138d\" data-id=\"62a138d\" data-element_type=\"column\">\n\t\t\t<div class=\"elementor-widget-wrap elementor-element-populated\">\n\t\t\t\t\t\t\t\t<div class=\"elementor-element elementor-element-70f4bb4 elementor-widget elementor-widget-spacer\" data-id=\"70f4bb4\" data-element_type=\"widget\" data-widget_type=\"spacer.default\">\n\t\t\t\t<div class=\"elementor-widget-container\">\n\t\t\t<style>\/*! elementor - v3.10.2 - 29-01-2023 *\/\n.elementor-column .elementor-spacer-inner{height:var(--spacer-size)}.e-con{--container-widget-width:100%}.e-con-inner>.elementor-widget-spacer,.e-con>.elementor-widget-spacer{width:var(--container-widget-width,var(--spacer-size));--align-self:var(--container-widget-align-self,initial);--flex-shrink:0}.e-con-inner>.elementor-widget-spacer>.elementor-widget-container,.e-con-inner>.elementor-widget-spacer>.elementor-widget-container>.elementor-spacer,.e-con>.elementor-widget-spacer>.elementor-widget-container,.e-con>.elementor-widget-spacer>.elementor-widget-container>.elementor-spacer{height:100%}.e-con-inner>.elementor-widget-spacer>.elementor-widget-container>.elementor-spacer>.elementor-spacer-inner,.e-con>.elementor-widget-spacer>.elementor-widget-container>.elementor-spacer>.elementor-spacer-inner{height:var(--container-widget-height,var(--spacer-size))}<\/style>\t\t<div class=\"elementor-spacer\">\n\t\t\t<div class=\"elementor-spacer-inner\"><\/div>\n\t\t<\/div>\n\t\t\t\t<\/div>\n\t\t\t\t<\/div>\n\t\t\t\t\t<\/div>\n\t\t<\/div>\n\t\t\t\t\t\t\t<\/div>\n\t\t<\/section>\n\t\t\t\t<section class=\"elementor-section elementor-top-section elementor-element elementor-element-f05cb1f elementor-section-boxed elementor-section-height-default elementor-section-height-default wpr-particle-no wpr-jarallax-no wpr-parallax-no wpr-sticky-section-no\" data-id=\"f05cb1f\" data-element_type=\"section\">\n\t\t\t\t\t\t<div class=\"elementor-container elementor-column-gap-default\">\n\t\t\t\t\t<div class=\"elementor-column elementor-col-100 elementor-top-column elementor-element elementor-element-8ee4e6c\" data-id=\"8ee4e6c\" data-element_type=\"column\">\n\t\t\t<div class=\"elementor-widget-wrap elementor-element-populated\">\n\t\t\t\t\t\t\t\t<div class=\"elementor-element elementor-element-2ce7923 elementor-widget elementor-widget-heading\" data-id=\"2ce7923\" data-element_type=\"widget\" data-widget_type=\"heading.default\">\n\t\t\t\t<div class=\"elementor-widget-container\">\n\t\t\t<style>\/*! elementor - v3.10.2 - 29-01-2023 *\/\n.elementor-heading-title{padding:0;margin:0;line-height:1}.elementor-widget-heading .elementor-heading-title[class*=elementor-size-]>a{color:inherit;font-size:inherit;line-height:inherit}.elementor-widget-heading .elementor-heading-title.elementor-size-small{font-size:15px}.elementor-widget-heading .elementor-heading-title.elementor-size-medium{font-size:19px}.elementor-widget-heading .elementor-heading-title.elementor-size-large{font-size:29px}.elementor-widget-heading .elementor-heading-title.elementor-size-xl{font-size:39px}.elementor-widget-heading .elementor-heading-title.elementor-size-xxl{font-size:59px}<\/style><h2 class=\"elementor-heading-title elementor-size-default\">Kursprogramm<\/h2>\t\t<\/div>\n\t\t\t\t<\/div>\n\t\t\t\t\t<\/div>\n\t\t<\/div>\n\t\t\t\t\t\t\t<\/div>\n\t\t<\/section>\n\t\t\t\t<section class=\"elementor-section elementor-top-section elementor-element elementor-element-3f836a1a0 elementor-section-boxed elementor-section-height-default elementor-section-height-default wpr-particle-no wpr-jarallax-no wpr-parallax-no wpr-sticky-section-no\" data-id=\"3f836a1a0\" data-element_type=\"section\">\n\t\t\t\t\t\t<div class=\"elementor-container elementor-column-gap-default\">\n\t\t\t\t\t<div class=\"elementor-column elementor-col-33 elementor-top-column elementor-element elementor-element-68bef761\" data-id=\"68bef761\" data-element_type=\"column\">\n\t\t\t<div class=\"elementor-widget-wrap elementor-element-populated\">\n\t\t\t\t\t\t\t\t<div class=\"elementor-element elementor-element-238ce224 wpr-flip-box-anim-direction-left wpr-flip-box-front-align-right wpr-flip-box-animation-flip wpr-flip-box-back-align-center elementor-widget elementor-widget-wpr-flip-box\" data-id=\"238ce224\" data-element_type=\"widget\" data-widget_type=\"wpr-flip-box.default\">\n\t\t\t\t<div class=\"elementor-widget-container\">\n\t\t\t\t\t\t\r\n\t\t<div class=\"wpr-flip-box\" data-trigger=\"box\">\r\n\t\t\t\r\n\t\t\t<div class=\"wpr-flip-box-item wpr-flip-box-front wpr-anim-timing-ease-in-out-quad\">\r\n\r\n\t\t\t\t<div class=\"wpr-flip-box-overlay\"><\/div>\r\n\r\n\t\t\t\t<div class=\"wpr-flip-box-content\">\r\n\t\t\t\t\t\r\n\t\t\t\t\t\t\t\t\t\t<div class=\"wpr-flip-box-icon\">\r\n\t\t\t\t\t\t<i class=\"fas fa-paint-brush\"><\/i>\r\n\t\t\t\t\t<\/div>\r\n\t\t\t\t\t\t\t\t\t\t\r\n\t\t\t\t\t\t\t\t\t\t\t<h3 class=\"wpr-flip-box-title\">Stadtlandschaften in Aquarell<\/h3>\r\n\t\t\t\t\t\r\n\t\t\t\t\t\t\t\t\t\t\t<div class=\"wpr-flip-box-description\"><p><strong>mit Mario Stiller\u00a0<\/strong><\/p>\n<p>&nbsp;<\/p>\n<h4 style=\"text-align: center\"><span style=\"color: #ffffff\">Dernau\u00a0\u00a020.-22.01.23<\/span><\/h4><\/div>\t\t\t\t\t\t\r\n\t\t\t\t\t\t\r\n\r\n\t\t\t\t\t\t\r\n\r\n\t\t\t\t<\/div>\r\n\t\t\t<\/div>\r\n\r\n\t\t\t<div class=\"wpr-flip-box-item wpr-flip-box-back wpr-anim-timing-ease-in-out-quad\">\r\n\r\n\t\t\t\t<div class=\"wpr-flip-box-overlay\"><\/div>\r\n\t\t\t\t\r\n\t\t\t\t<div class=\"wpr-flip-box-content\">\r\n\t\t\t\t\t\r\n\t\t\t\t\t\t\t\t\t\t<a class=\"wpr-flip-box-link\" href=\"http:\/\/www.akademie-dernau.de\/Dozenten\/Mario-Stiller\/Stadtlandschaften-in-Aquarell\/stadtlandschaften-in-aquarell.html\" target=\"_blank\"><\/a>\t\r\n\t\t\t\t\t\r\n\t\t\t\t\t\t\t\t\t\t\r\n\t\t\t\t\t\r\n\t\t\t\t\t\t\t\t\t\t\t<div class=\"wpr-flip-box-description\"><p><span>Anhand von St\u00e4dte-, Hafen- und Landschaftsmotiven, die zum Teil von Abbildungen, aber auch von eigenen Skizzen\/Entw\u00fcrfen entnommen werden, soll die eigene Handschrift entstehen und eine bestehende gef\u00f6rdert werden.\u00a0<\/span><\/p>\n<p>&nbsp;<\/p>\n<h5>mehr erfahren<\/h5><\/div>\t\t\t\t\t\t\r\n\t\t\t\t\t\t\r\n\r\n\t\t\t\t\t\t\r\n\r\n\t\t\t\t<\/div>\r\n\t\t\t<\/div>\r\n\t\t<\/div>\r\n\r\n\t\t\t\t<\/div>\n\t\t\t\t<\/div>\n\t\t\t\t\t<\/div>\n\t\t<\/div>\n\t\t\t\t<div class=\"elementor-column elementor-col-33 elementor-top-column elementor-element elementor-element-72e28ff5\" data-id=\"72e28ff5\" data-element_type=\"column\">\n\t\t\t<div class=\"elementor-widget-wrap elementor-element-populated\">\n\t\t\t\t\t\t\t\t<div class=\"elementor-element elementor-element-2bfa0ff wpr-flip-box-anim-direction-left wpr-flip-box-front-align-right wpr-flip-box-animation-flip wpr-flip-box-back-align-center elementor-widget elementor-widget-wpr-flip-box\" data-id=\"2bfa0ff\" data-element_type=\"widget\" data-widget_type=\"wpr-flip-box.default\">\n\t\t\t\t<div class=\"elementor-widget-container\">\n\t\t\t\t\t\t\r\n\t\t<div class=\"wpr-flip-box\" data-trigger=\"box\">\r\n\t\t\t\r\n\t\t\t<div class=\"wpr-flip-box-item wpr-flip-box-front wpr-anim-timing-ease-in-out-quad\">\r\n\r\n\t\t\t\t<div class=\"wpr-flip-box-overlay\"><\/div>\r\n\r\n\t\t\t\t<div class=\"wpr-flip-box-content\">\r\n\t\t\t\t\t\r\n\t\t\t\t\t\t\t\t\t\t<div class=\"wpr-flip-box-icon\">\r\n\t\t\t\t\t\t<i class=\"fas fa-pencil-ruler\"><\/i>\r\n\t\t\t\t\t<\/div>\r\n\t\t\t\t\t\t\t\t\t\t\r\n\t\t\t\t\t\t\t\t\t\t\t<h3 class=\"wpr-flip-box-title\">Perspektivisch Zeichnen<\/h3>\r\n\t\t\t\t\t\r\n\t\t\t\t\t\t\t\t\t\t\t<div class=\"wpr-flip-box-description\"><p><strong>mit Mario Stiller\u00a0<\/strong><\/p>\n<p>&nbsp;<\/p>\n<h4 style=\"text-align: center\"><span style=\"color: #ffffff\">Dernau\u00a0\u00a010.-12.02.23<\/span><\/h4><\/div>\t\t\t\t\t\t\r\n\t\t\t\t\t\t\r\n\r\n\t\t\t\t\t\t\r\n\r\n\t\t\t\t<\/div>\r\n\t\t\t<\/div>\r\n\r\n\t\t\t<div class=\"wpr-flip-box-item wpr-flip-box-back wpr-anim-timing-ease-in-out-quad\">\r\n\r\n\t\t\t\t<div class=\"wpr-flip-box-overlay\"><\/div>\r\n\t\t\t\t\r\n\t\t\t\t<div class=\"wpr-flip-box-content\">\r\n\t\t\t\t\t\r\n\t\t\t\t\t\t\t\t\t\t<a class=\"wpr-flip-box-link\" href=\"http:\/\/www.akademie-dernau.de\/Dozenten\/Mario-Stiller\/Perspektivisch-Zeichnen\/perspektivisch-zeichnen.html\" target=\"_blank\"><\/a>\t\r\n\t\t\t\t\t\r\n\t\t\t\t\t\t\t\t\t\t\r\n\t\t\t\t\t\r\n\t\t\t\t\t\t\t\t\t\t\t<div class=\"wpr-flip-box-description\"><p><span>Wie oft hast du schon ein ansonsten gelungenes Bild beiseite gelegt, weil \"irgendetwas\" nicht stimmt? Oft liegt es an der Perspektive. Was man intuitiv in der Umwelt richtig interpretiert, will auf dem Papier einfach nicht funktionieren.\u00a0<br \/><\/span><\/p>\n<p>&nbsp;<\/p>\n<h5>mehr erfahren<\/h5><\/div>\t\t\t\t\t\t\r\n\t\t\t\t\t\t\r\n\r\n\t\t\t\t\t\t\r\n\r\n\t\t\t\t<\/div>\r\n\t\t\t<\/div>\r\n\t\t<\/div>\r\n\r\n\t\t\t\t<\/div>\n\t\t\t\t<\/div>\n\t\t\t\t\t<\/div>\n\t\t<\/div>\n\t\t\t\t<div class=\"elementor-column elementor-col-33 elementor-top-column elementor-element elementor-element-3181f663\" data-id=\"3181f663\" data-element_type=\"column\">\n\t\t\t<div class=\"elementor-widget-wrap elementor-element-populated\">\n\t\t\t\t\t\t\t\t<div class=\"elementor-element elementor-element-dbcf940 wpr-flip-box-anim-direction-left wpr-flip-box-front-align-right wpr-flip-box-animation-flip wpr-flip-box-back-align-center elementor-widget elementor-widget-wpr-flip-box\" data-id=\"dbcf940\" data-element_type=\"widget\" data-widget_type=\"wpr-flip-box.default\">\n\t\t\t\t<div class=\"elementor-widget-container\">\n\t\t\t\t\t\t\r\n\t\t<div class=\"wpr-flip-box\" data-trigger=\"box\">\r\n\t\t\t\r\n\t\t\t<div class=\"wpr-flip-box-item wpr-flip-box-front wpr-anim-timing-ease-in-out-quad\">\r\n\r\n\t\t\t\t<div class=\"wpr-flip-box-overlay\"><\/div>\r\n\r\n\t\t\t\t<div class=\"wpr-flip-box-content\">\r\n\t\t\t\t\t\r\n\t\t\t\t\t\t\t\t\t\t<div class=\"wpr-flip-box-icon\">\r\n\t\t\t\t\t\t<i class=\"fas fa-pen\"><\/i>\r\n\t\t\t\t\t<\/div>\r\n\t\t\t\t\t\t\t\t\t\t\r\n\t\t\t\t\t\t\t\t\t\t\t<h3 class=\"wpr-flip-box-title\">Aquarellmalerei mit deckenden Farben<\/h3>\r\n\t\t\t\t\t\r\n\t\t\t\t\t\t\t\t\t\t\t<div class=\"wpr-flip-box-description\"><p><strong>mit Mario Stiller\u00a0<\/strong><\/p>\n<p>&nbsp;<\/p>\n<h4 style=\"text-align: center\"><span style=\"color: #ffffff\">Dernau\u00a0\u00a010.-12.03.23<\/span><\/h4><\/div>\t\t\t\t\t\t\r\n\t\t\t\t\t\t\r\n\r\n\t\t\t\t\t\t\r\n\r\n\t\t\t\t<\/div>\r\n\t\t\t<\/div>\r\n\r\n\t\t\t<div class=\"wpr-flip-box-item wpr-flip-box-back wpr-anim-timing-ease-in-out-quad\">\r\n\r\n\t\t\t\t<div class=\"wpr-flip-box-overlay\"><\/div>\r\n\t\t\t\t\r\n\t\t\t\t<div class=\"wpr-flip-box-content\">\r\n\t\t\t\t\t\r\n\t\t\t\t\t\t\t\t\t\t<a class=\"wpr-flip-box-link\" href=\"http:\/\/www.akademie-dernau.de\/Dozenten\/Mario-Stiller\/Perspektivisch-Zeichnen\/perspektivisch-zeichnen.html\" target=\"_blank\"><\/a>\t\r\n\t\t\t\t\t\r\n\t\t\t\t\t\t\t\t\t\t\r\n\t\t\t\t\t\r\n\t\t\t\t\t\t\t\t\t\t\t<div class=\"wpr-flip-box-description\"><p><span>Die Kombination von transparenten und deckenden Aquarellfarben bietet faszinierende Ausdrucksm\u00f6glichkeiten, die in der traditionellen Wasserfarbenmalerei unm\u00f6glich sind. <br \/><\/span><\/p>\n<p>&nbsp;<\/p>\n<h5>mehr erfahren<\/h5><\/div>\t\t\t\t\t\t\r\n\t\t\t\t\t\t\r\n\r\n\t\t\t\t\t\t\r\n\r\n\t\t\t\t<\/div>\r\n\t\t\t<\/div>\r\n\t\t<\/div>\r\n\r\n\t\t\t\t<\/div>\n\t\t\t\t<\/div>\n\t\t\t\t\t<\/div>\n\t\t<\/div>\n\t\t\t\t\t\t\t<\/div>\n\t\t<\/section>\n\t\t\t\t<section class=\"elementor-section elementor-top-section elementor-element elementor-element-9a75765 elementor-section-boxed elementor-section-height-default elementor-section-height-default wpr-particle-no wpr-jarallax-no wpr-parallax-no wpr-sticky-section-no\" data-id=\"9a75765\" data-element_type=\"section\">\n\t\t\t\t\t\t<div class=\"elementor-container elementor-column-gap-default\">\n\t\t\t\t\t<div class=\"elementor-column elementor-col-100 elementor-top-column elementor-element elementor-element-d8f5183\" data-id=\"d8f5183\" data-element_type=\"column\">\n\t\t\t<div class=\"elementor-widget-wrap elementor-element-populated\">\n\t\t\t\t\t\t\t\t<div class=\"elementor-element elementor-element-01c0bde wpr-flip-box-anim-direction-left wpr-flip-box-front-align-right wpr-flip-box-animation-flip wpr-flip-box-back-align-center elementor-widget elementor-widget-wpr-flip-box\" data-id=\"01c0bde\" data-element_type=\"widget\" data-widget_type=\"wpr-flip-box.default\">\n\t\t\t\t<div class=\"elementor-widget-container\">\n\t\t\t\t\t\t\r\n\t\t<div class=\"wpr-flip-box\" data-trigger=\"box\">\r\n\t\t\t\r\n\t\t\t<div class=\"wpr-flip-box-item wpr-flip-box-front wpr-anim-timing-ease-in-out-quad\">\r\n\r\n\t\t\t\t<div class=\"wpr-flip-box-overlay\"><\/div>\r\n\r\n\t\t\t\t<div class=\"wpr-flip-box-content\">\r\n\t\t\t\t\t\r\n\t\t\t\t\t\t\t\t\t\t<div class=\"wpr-flip-box-icon\">\r\n\t\t\t\t\t\t<i class=\"fas fa-pencil-alt\"><\/i>\r\n\t\t\t\t\t<\/div>\r\n\t\t\t\t\t\t\t\t\t\t\r\n\t\t\t\t\t\t\t\t\t\t\t<h3 class=\"wpr-flip-box-title\">Urban Sketching<\/h3>\r\n\t\t\t\t\t\r\n\t\t\t\t\t\t\t\t\t\t\t<div class=\"wpr-flip-box-description\"><p><strong>mit Mario Stiller\u00a0<\/strong><\/p>\n<p>&nbsp;<\/p>\n<h4 style=\"text-align: center\"><span style=\"color: #ffffff\">Dernau\u00a0\u00a021.-23.04.23<\/span><\/h4><\/div>\t\t\t\t\t\t\r\n\t\t\t\t\t\t\r\n\r\n\t\t\t\t\t\t\r\n\r\n\t\t\t\t<\/div>\r\n\t\t\t<\/div>\r\n\r\n\t\t\t<div class=\"wpr-flip-box-item wpr-flip-box-back wpr-anim-timing-ease-in-out-quad\">\r\n\r\n\t\t\t\t<div class=\"wpr-flip-box-overlay\"><\/div>\r\n\t\t\t\t\r\n\t\t\t\t<div class=\"wpr-flip-box-content\">\r\n\t\t\t\t\t\r\n\t\t\t\t\t\t\t\t\t\t<a class=\"wpr-flip-box-link\" href=\"http:\/\/www.akademie-dernau.de\/Dozenten\/Mario-Stiller\/Urban-Sketching\/urban-sketching.html\" target=\"_blank\"><\/a>\t\r\n\t\t\t\t\t\r\n\t\t\t\t\t\t\t\t\t\t\r\n\t\t\t\t\t\r\n\t\t\t\t\t\t\t\t\t\t\t<div class=\"wpr-flip-box-description\"><p><span>Zeichnen und skizzieren unterwegs erfreut sich immer gr\u00f6\u00dferer Beliebtheit, denn die eigene Zeichnung vermag pers\u00f6nliche Eindr\u00fccke festzuhalten, wie es ein Foto niemals k\u00f6nnte. Tolle Motive gibt es \u00fcberall: das alte Fachwerkhaus, das Treiben auf der Caf\u00e9terasse, ein Geb\u00e4udedetail, der Baukran oder die Menschen an der Haltestelle.<\/span><\/p>\n<p>&nbsp;<\/p>\n<h5>mehr erfahren<\/h5><\/div>\t\t\t\t\t\t\r\n\t\t\t\t\t\t\r\n\r\n\t\t\t\t\t\t\r\n\r\n\t\t\t\t<\/div>\r\n\t\t\t<\/div>\r\n\t\t<\/div>\r\n\r\n\t\t\t\t<\/div>\n\t\t\t\t<\/div>\n\t\t\t\t\t<\/div>\n\t\t<\/div>\n\t\t\t\t\t\t\t<\/div>\n\t\t<\/section>\n\t\t\t\t<section class=\"elementor-section elementor-top-section elementor-element elementor-element-984b87e elementor-section-boxed elementor-section-height-default elementor-section-height-default wpr-particle-no wpr-jarallax-no wpr-parallax-no wpr-sticky-section-no\" data-id=\"984b87e\" data-element_type=\"section\">\n\t\t\t\t\t\t<div class=\"elementor-container elementor-column-gap-default\">\n\t\t\t\t\t<div class=\"elementor-column elementor-col-33 elementor-top-column elementor-element elementor-element-c45ba63\" data-id=\"c45ba63\" data-element_type=\"column\">\n\t\t\t<div class=\"elementor-widget-wrap elementor-element-populated\">\n\t\t\t\t\t\t\t\t<div class=\"elementor-element elementor-element-3e90c48 wpr-flip-box-anim-direction-left wpr-flip-box-front-align-right wpr-flip-box-animation-flip wpr-flip-box-back-align-center elementor-widget elementor-widget-wpr-flip-box\" data-id=\"3e90c48\" data-element_type=\"widget\" data-widget_type=\"wpr-flip-box.default\">\n\t\t\t\t<div class=\"elementor-widget-container\">\n\t\t\t\t\t\t\r\n\t\t<div class=\"wpr-flip-box\" data-trigger=\"box\">\r\n\t\t\t\r\n\t\t\t<div class=\"wpr-flip-box-item wpr-flip-box-front wpr-anim-timing-ease-in-out-quad\">\r\n\r\n\t\t\t\t<div class=\"wpr-flip-box-overlay\"><\/div>\r\n\r\n\t\t\t\t<div class=\"wpr-flip-box-content\">\r\n\t\t\t\t\t\r\n\t\t\t\t\t\t\t\t\t\t<div class=\"wpr-flip-box-icon\">\r\n\t\t\t\t\t\t<i class=\"fas fa-pencil-ruler\"><\/i>\r\n\t\t\t\t\t<\/div>\r\n\t\t\t\t\t\t\t\t\t\t\r\n\t\t\t\t\t\t\t\t\t\t\t<h3 class=\"wpr-flip-box-title\">Perspektivisch Zeichnen<\/h3>\r\n\t\t\t\t\t\r\n\t\t\t\t\t\t\t\t\t\t\t<div class=\"wpr-flip-box-description\"><p><strong>mit Mario Stiller\u00a0<\/strong><\/p>\n<p>&nbsp;<\/p>\n<h4 style=\"text-align: center\"><span style=\"color: #ffffff\">Hamm 19.-21.05.23<\/span><\/h4><\/div>\t\t\t\t\t\t\r\n\t\t\t\t\t\t\r\n\r\n\t\t\t\t\t\t\r\n\r\n\t\t\t\t<\/div>\r\n\t\t\t<\/div>\r\n\r\n\t\t\t<div class=\"wpr-flip-box-item wpr-flip-box-back wpr-anim-timing-ease-in-out-quad\">\r\n\r\n\t\t\t\t<div class=\"wpr-flip-box-overlay\"><\/div>\r\n\t\t\t\t\r\n\t\t\t\t<div class=\"wpr-flip-box-content\">\r\n\t\t\t\t\t\r\n\t\t\t\t\t\t\t\t\t\t<a class=\"wpr-flip-box-link\" href=\"http:\/\/galeriacologne.de\/akademie\/veranstaltung\/perspektivisch-zeichnen\/\"><\/a>\t\r\n\t\t\t\t\t\r\n\t\t\t\t\t\t\t\t\t\t\r\n\t\t\t\t\t\r\n\t\t\t\t\t\t\t\t\t\t\t<div class=\"wpr-flip-box-description\"><p><span>Wie oft hast du schon ein ansonsten gelungenes Bild beiseite gelegt, weil \"irgendetwas\" nicht stimmt? Oft liegt es an der Perspektive. Was man intuitiv in der Umwelt richtig interpretiert, will auf dem Papier einfach nicht funktionieren.\u00a0<br \/><\/span><\/p>\n<p>&nbsp;<\/p>\n<h5>mehr erfahren<\/h5><\/div>\t\t\t\t\t\t\r\n\t\t\t\t\t\t\r\n\r\n\t\t\t\t\t\t\r\n\r\n\t\t\t\t<\/div>\r\n\t\t\t<\/div>\r\n\t\t<\/div>\r\n\r\n\t\t\t\t<\/div>\n\t\t\t\t<\/div>\n\t\t\t\t\t<\/div>\n\t\t<\/div>\n\t\t\t\t<div class=\"elementor-column elementor-col-33 elementor-top-column elementor-element elementor-element-2b55943\" data-id=\"2b55943\" data-element_type=\"column\">\n\t\t\t<div class=\"elementor-widget-wrap elementor-element-populated\">\n\t\t\t\t\t\t\t\t<div class=\"elementor-element elementor-element-760223c wpr-flip-box-anim-direction-left wpr-flip-box-front-align-right wpr-flip-box-animation-flip wpr-flip-box-back-align-center elementor-widget elementor-widget-wpr-flip-box\" data-id=\"760223c\" data-element_type=\"widget\" data-widget_type=\"wpr-flip-box.default\">\n\t\t\t\t<div class=\"elementor-widget-container\">\n\t\t\t\t\t\t\r\n\t\t<div class=\"wpr-flip-box\" data-trigger=\"box\">\r\n\t\t\t\r\n\t\t\t<div class=\"wpr-flip-box-item wpr-flip-box-front wpr-anim-timing-ease-in-out-quad\">\r\n\r\n\t\t\t\t<div class=\"wpr-flip-box-overlay\"><\/div>\r\n\r\n\t\t\t\t<div class=\"wpr-flip-box-content\">\r\n\t\t\t\t\t\r\n\t\t\t\t\t\t\t\t\t\t<div class=\"wpr-flip-box-icon\">\r\n\t\t\t\t\t\t<i class=\"fas fa-paint-brush\"><\/i>\r\n\t\t\t\t\t<\/div>\r\n\t\t\t\t\t\t\t\t\t\t\r\n\t\t\t\t\t\t\t\t\t\t\t<h3 class=\"wpr-flip-box-title\">Stadtlandschaften in Aquarell<\/h3>\r\n\t\t\t\t\t\r\n\t\t\t\t\t\t\t\t\t\t\t<div class=\"wpr-flip-box-description\"><p><strong>mit Mario Stiller\u00a0<\/strong><\/p>\n<p>&nbsp;<\/p>\n<h4 style=\"text-align: center\"><span style=\"color: #ffffff\">Dernau\u00a0\u00a016.-18.06.23<\/span><\/h4><\/div>\t\t\t\t\t\t\r\n\t\t\t\t\t\t\r\n\r\n\t\t\t\t\t\t\r\n\r\n\t\t\t\t<\/div>\r\n\t\t\t<\/div>\r\n\r\n\t\t\t<div class=\"wpr-flip-box-item wpr-flip-box-back wpr-anim-timing-ease-in-out-quad\">\r\n\r\n\t\t\t\t<div class=\"wpr-flip-box-overlay\"><\/div>\r\n\t\t\t\t\r\n\t\t\t\t<div class=\"wpr-flip-box-content\">\r\n\t\t\t\t\t\r\n\t\t\t\t\t\t\t\t\t\t<a class=\"wpr-flip-box-link\" href=\"http:\/\/www.akademie-dernau.de\/Dozenten\/Mario-Stiller\/Stadtlandschaften-in-Aquarell\/stadtlandschaften-in-aquarell.html\" target=\"_blank\"><\/a>\t\r\n\t\t\t\t\t\r\n\t\t\t\t\t\t\t\t\t\t\r\n\t\t\t\t\t\r\n\t\t\t\t\t\t\t\t\t\t\t<div class=\"wpr-flip-box-description\"><p><span>Anhand von St\u00e4dte-, Hafen- und Landschaftsmotiven, die zum Teil von Abbildungen, aber auch von eigenen Skizzen\/Entw\u00fcrfen entnommen werden, soll die eigene Handschrift entstehen und eine bestehende gef\u00f6rdert werden.\u00a0<\/span><\/p>\n<p>&nbsp;<\/p>\n<h5>mehr erfahren<\/h5><\/div>\t\t\t\t\t\t\r\n\t\t\t\t\t\t\r\n\r\n\t\t\t\t\t\t\r\n\r\n\t\t\t\t<\/div>\r\n\t\t\t<\/div>\r\n\t\t<\/div>\r\n\r\n\t\t\t\t<\/div>\n\t\t\t\t<\/div>\n\t\t\t\t\t<\/div>\n\t\t<\/div>\n\t\t\t\t<div class=\"elementor-column elementor-col-33 elementor-top-column elementor-element elementor-element-7fbb21c\" data-id=\"7fbb21c\" data-element_type=\"column\">\n\t\t\t<div class=\"elementor-widget-wrap elementor-element-populated\">\n\t\t\t\t\t\t\t\t<div class=\"elementor-element elementor-element-c4ab47b wpr-flip-box-anim-direction-left wpr-flip-box-front-align-right wpr-flip-box-animation-flip wpr-flip-box-back-align-center elementor-widget elementor-widget-wpr-flip-box\" data-id=\"c4ab47b\" data-element_type=\"widget\" data-widget_type=\"wpr-flip-box.default\">\n\t\t\t\t<div class=\"elementor-widget-container\">\n\t\t\t\t\t\t\r\n\t\t<div class=\"wpr-flip-box\" data-trigger=\"box\">\r\n\t\t\t\r\n\t\t\t<div class=\"wpr-flip-box-item wpr-flip-box-front wpr-anim-timing-ease-in-out-quad\">\r\n\r\n\t\t\t\t<div class=\"wpr-flip-box-overlay\"><\/div>\r\n\r\n\t\t\t\t<div class=\"wpr-flip-box-content\">\r\n\t\t\t\t\t\r\n\t\t\t\t\t\t\t\t\t\t<div class=\"wpr-flip-box-icon\">\r\n\t\t\t\t\t\t<i class=\"fas fa-paint-brush\"><\/i>\r\n\t\t\t\t\t<\/div>\r\n\t\t\t\t\t\t\t\t\t\t\r\n\t\t\t\t\t\t\t\t\t\t\t<h3 class=\"wpr-flip-box-title\">Wasserfestes in der Aquarellmalerei<\/h3>\r\n\t\t\t\t\t\r\n\t\t\t\t\t\t\t\t\t\t\t<div class=\"wpr-flip-box-description\"><p><strong>mit Mario Stiller\u00a0<\/strong><\/p>\n<p>&nbsp;<\/p>\n<h4 style=\"text-align: center\"><span style=\"color: #ffffff\">Dernau\u00a0\u00a022.-24.09.23<\/span><\/h4><\/div>\t\t\t\t\t\t\r\n\t\t\t\t\t\t\r\n\r\n\t\t\t\t\t\t\r\n\r\n\t\t\t\t<\/div>\r\n\t\t\t<\/div>\r\n\r\n\t\t\t<div class=\"wpr-flip-box-item wpr-flip-box-back wpr-anim-timing-ease-in-out-quad\">\r\n\r\n\t\t\t\t<div class=\"wpr-flip-box-overlay\"><\/div>\r\n\t\t\t\t\r\n\t\t\t\t<div class=\"wpr-flip-box-content\">\r\n\t\t\t\t\t\r\n\t\t\t\t\t\t\t\t\t\t<a class=\"wpr-flip-box-link\" href=\"http:\/\/www.akademie-dernau.de\/Dozenten\/Mario-Stiller\/Wasserfestes-in-der-Aquarellma\/wasserfestes-in-der-aquarellmalerei.html\" target=\"_blank\"><\/a>\t\r\n\t\t\t\t\t\r\n\t\t\t\t\t\t\t\t\t\t\r\n\t\t\t\t\t\r\n\t\t\t\t\t\t\t\t\t\t\t<div class=\"wpr-flip-box-description\"><p><span>Das sch\u00f6nste an der Aquarellmalerei ist auch oft ihr gr\u00f6\u00dfter Fluch: die Wasserl\u00f6slichkeit der Farbe. Nur noch schnell den Schatten des Geb\u00e4udes vertiefen und schon wird aus deinem einst ausdrucksstarken Vordergrund ein matschig-braunes Missgeschick. Hast du dich auch gefragt, wie dein Lieblingsaquarellist das hinbekommt? Nun oft hei\u00dft die Antwort: wasserfeste Farbe.<\/span><\/p>\n<p><span>\u00a0<\/span><\/p>\n<p>&nbsp;<\/p>\n<h5>mehr erfahren<\/h5><\/div>\t\t\t\t\t\t\r\n\t\t\t\t\t\t\r\n\r\n\t\t\t\t\t\t\r\n\r\n\t\t\t\t<\/div>\r\n\t\t\t<\/div>\r\n\t\t<\/div>\r\n\r\n\t\t\t\t<\/div>\n\t\t\t\t<\/div>\n\t\t\t\t\t<\/div>\n\t\t<\/div>\n\t\t\t\t\t\t\t<\/div>\n\t\t<\/section>\n\t\t\t\t<section class=\"elementor-section elementor-top-section elementor-element elementor-element-343f496 elementor-section-boxed elementor-section-height-default elementor-section-height-default wpr-particle-no wpr-jarallax-no wpr-parallax-no wpr-sticky-section-no\" data-id=\"343f496\" data-element_type=\"section\">\n\t\t\t\t\t\t<div class=\"elementor-container elementor-column-gap-default\">\n\t\t\t\t\t<div class=\"elementor-column elementor-col-66 elementor-top-column elementor-element elementor-element-a564c05\" data-id=\"a564c05\" data-element_type=\"column\">\n\t\t\t<div class=\"elementor-widget-wrap elementor-element-populated\">\n\t\t\t\t\t\t\t\t<div class=\"elementor-element elementor-element-3584418 wpr-flip-box-anim-direction-left wpr-flip-box-front-align-right wpr-flip-box-animation-flip wpr-flip-box-back-align-center elementor-widget elementor-widget-wpr-flip-box\" data-id=\"3584418\" data-element_type=\"widget\" data-widget_type=\"wpr-flip-box.default\">\n\t\t\t\t<div class=\"elementor-widget-container\">\n\t\t\t\t\t\t\r\n\t\t<div class=\"wpr-flip-box\" data-trigger=\"box\">\r\n\t\t\t\r\n\t\t\t<div class=\"wpr-flip-box-item wpr-flip-box-front wpr-anim-timing-ease-in-out-quad\">\r\n\r\n\t\t\t\t<div class=\"wpr-flip-box-overlay\"><\/div>\r\n\r\n\t\t\t\t<div class=\"wpr-flip-box-content\">\r\n\t\t\t\t\t\r\n\t\t\t\t\t\t\t\t\t\t<div class=\"wpr-flip-box-icon\">\r\n\t\t\t\t\t\t<i class=\"fas fa-paint-brush\"><\/i>\r\n\t\t\t\t\t<\/div>\r\n\t\t\t\t\t\t\t\t\t\t\r\n\t\t\t\t\t\t\t\t\t\t\t<h3 class=\"wpr-flip-box-title\">Aquarellmalerei mit deckenden Farben<\/h3>\r\n\t\t\t\t\t\r\n\t\t\t\t\t\t\t\t\t\t\t<div class=\"wpr-flip-box-description\"><p><strong>mit Mario Stiller\u00a0<\/strong><\/p>\n<p>&nbsp;<\/p>\n<h4 style=\"text-align: center\"><span style=\"color: #ffffff\">Dernau\u00a0\u00a020.-22.10.23<\/span><\/h4><\/div>\t\t\t\t\t\t\r\n\t\t\t\t\t\t\r\n\r\n\t\t\t\t\t\t\r\n\r\n\t\t\t\t<\/div>\r\n\t\t\t<\/div>\r\n\r\n\t\t\t<div class=\"wpr-flip-box-item wpr-flip-box-back wpr-anim-timing-ease-in-out-quad\">\r\n\r\n\t\t\t\t<div class=\"wpr-flip-box-overlay\"><\/div>\r\n\t\t\t\t\r\n\t\t\t\t<div class=\"wpr-flip-box-content\">\r\n\t\t\t\t\t\r\n\t\t\t\t\t\t\t\t\t\t<a class=\"wpr-flip-box-link\" href=\"http:\/\/www.akademie-dernau.de\/Dozenten\/Mario-Stiller\/Aquarellmalerei-mit-deckenden-\/aquarellmalerei-mit-deckenden-farben.html\" target=\"_blank\"><\/a>\t\r\n\t\t\t\t\t\r\n\t\t\t\t\t\t\t\t\t\t\r\n\t\t\t\t\t\r\n\t\t\t\t\t\t\t\t\t\t\t<div class=\"wpr-flip-box-description\"><p><span>Die Kombination von transparenten und deckenden Aquarellfarben bietet faszinierende Ausdrucksm\u00f6glichkeiten, die in der traditionellen Wasserfarbenmalerei unm\u00f6glich sind. <br \/><\/span><\/p>\n<p>&nbsp;<\/p>\n<h5>mehr erfahren<\/h5><\/div>\t\t\t\t\t\t\r\n\t\t\t\t\t\t\r\n\r\n\t\t\t\t\t\t\r\n\r\n\t\t\t\t<\/div>\r\n\t\t\t<\/div>\r\n\t\t<\/div>\r\n\r\n\t\t\t\t<\/div>\n\t\t\t\t<\/div>\n\t\t\t\t\t<\/div>\n\t\t<\/div>\n\t\t\t\t<div class=\"elementor-column elementor-col-33 elementor-top-column elementor-element elementor-element-768e5f0\" data-id=\"768e5f0\" data-element_type=\"column\">\n\t\t\t<div class=\"elementor-widget-wrap elementor-element-populated\">\n\t\t\t\t\t\t\t\t<div class=\"elementor-element elementor-element-e1d1580 wpr-flip-box-anim-direction-left wpr-flip-box-front-align-right wpr-flip-box-animation-flip wpr-flip-box-back-align-center elementor-widget elementor-widget-wpr-flip-box\" data-id=\"e1d1580\" data-element_type=\"widget\" data-widget_type=\"wpr-flip-box.default\">\n\t\t\t\t<div class=\"elementor-widget-container\">\n\t\t\t\t\t\t\r\n\t\t<div class=\"wpr-flip-box\" data-trigger=\"box\">\r\n\t\t\t\r\n\t\t\t<div class=\"wpr-flip-box-item wpr-flip-box-front wpr-anim-timing-ease-in-out-quad\">\r\n\r\n\t\t\t\t<div class=\"wpr-flip-box-overlay\"><\/div>\r\n\r\n\t\t\t\t<div class=\"wpr-flip-box-content\">\r\n\t\t\t\t\t\r\n\t\t\t\t\t\t\t\t\t\t<div class=\"wpr-flip-box-icon\">\r\n\t\t\t\t\t\t<i class=\"far fa-eye\"><\/i>\r\n\t\t\t\t\t<\/div>\r\n\t\t\t\t\t\t\t\t\t\t\r\n\t\t\t\t\t\t\t\t\t\t\t<h3 class=\"wpr-flip-box-title\">Komposition f\u00fcr Aquarellisten<\/h3>\r\n\t\t\t\t\t\r\n\t\t\t\t\t\t\t\t\t\t\t<div class=\"wpr-flip-box-description\"><p><strong>mit Mario Stiller\u00a0<\/strong><\/p>\n<p>&nbsp;<\/p>\n<h4 style=\"text-align: center\"><span style=\"color: #ffffff\">Dernau\u00a0\u00a024.-26.11.23<\/span><\/h4><\/div>\t\t\t\t\t\t\r\n\t\t\t\t\t\t\r\n\r\n\t\t\t\t\t\t\r\n\r\n\t\t\t\t<\/div>\r\n\t\t\t<\/div>\r\n\r\n\t\t\t<div class=\"wpr-flip-box-item wpr-flip-box-back wpr-anim-timing-ease-in-out-quad\">\r\n\r\n\t\t\t\t<div class=\"wpr-flip-box-overlay\"><\/div>\r\n\t\t\t\t\r\n\t\t\t\t<div class=\"wpr-flip-box-content\">\r\n\t\t\t\t\t\r\n\t\t\t\t\t\t\t\t\t\t<a class=\"wpr-flip-box-link\" href=\"http:\/\/www.akademie-dernau.de\/Dozenten\/Mario-Stiller\/Komposition-fur-Aquarellisten\/komposition-fur-aquarellisten.html\" target=\"_blank\"><\/a>\t\r\n\t\t\t\t\t\r\n\t\t\t\t\t\t\t\t\t\t\r\n\t\t\t\t\t\r\n\t\t\t\t\t\t\t\t\t\t\t<div class=\"wpr-flip-box-description\"><p><span>Mit St\u00e4dte-, Hafen-, Industrie- und Landschaftsmotiven, die zum Teil von Fotos, aber auch von eigenen Skizzen\/Entw\u00fcrfen entnommen werden, erarbeiten wir uns Kompositionstechniken, die den speziellen Erfordernissen der Aquarellmalerei gerecht werden.<\/span><\/p>\n<p><\/p>\n<h5>mehr erfahren<\/h5><\/div>\t\t\t\t\t\t\r\n\t\t\t\t\t\t\r\n\r\n\t\t\t\t\t\t\r\n\r\n\t\t\t\t<\/div>\r\n\t\t\t<\/div>\r\n\t\t<\/div>\r\n\r\n\t\t\t\t<\/div>\n\t\t\t\t<\/div>\n\t\t\t\t\t<\/div>\n\t\t<\/div>\n\t\t\t\t\t\t\t<\/div>\n\t\t<\/section>\n\t\t\t\t<section class=\"elementor-section elementor-top-section elementor-element elementor-element-9de1db2 elementor-section-boxed elementor-section-height-default elementor-section-height-default wpr-particle-no wpr-jarallax-no wpr-parallax-no wpr-sticky-section-no\" data-id=\"9de1db2\" data-element_type=\"section\">\n\t\t\t\t\t\t<div class=\"elementor-container elementor-column-gap-default\">\n\t\t\t\t\t<div class=\"elementor-column elementor-col-100 elementor-top-column elementor-element elementor-element-cdf025b\" data-id=\"cdf025b\" data-element_type=\"column\">\n\t\t\t<div class=\"elementor-widget-wrap elementor-element-populated\">\n\t\t\t\t\t\t\t\t<div class=\"elementor-element elementor-element-587f60d elementor-widget elementor-widget-spacer\" data-id=\"587f60d\" data-element_type=\"widget\" data-widget_type=\"spacer.default\">\n\t\t\t\t<div class=\"elementor-widget-container\">\n\t\t\t\t\t<div class=\"elementor-spacer\">\n\t\t\t<div class=\"elementor-spacer-inner\"><\/div>\n\t\t<\/div>\n\t\t\t\t<\/div>\n\t\t\t\t<\/div>\n\t\t\t\t\t<\/div>\n\t\t<\/div>\n\t\t\t\t\t\t\t<\/div>\n\t\t<\/section>\n\t\t\t\t<section class=\"elementor-section elementor-top-section elementor-element elementor-element-96559fe elementor-section-boxed elementor-section-height-default elementor-section-height-default wpr-particle-no wpr-jarallax-no wpr-parallax-no wpr-sticky-section-no\" data-id=\"96559fe\" data-element_type=\"section\">\n\t\t\t\t\t\t<div class=\"elementor-container elementor-column-gap-default\">\n\t\t\t\t\t<div class=\"elementor-column elementor-col-100 elementor-top-column elementor-element elementor-element-c87df02\" data-id=\"c87df02\" data-element_type=\"column\">\n\t\t\t<div class=\"elementor-widget-wrap elementor-element-populated\">\n\t\t\t\t\t\t\t\t<div class=\"elementor-element elementor-element-70595a2 elementor-widget elementor-widget-heading\" data-id=\"70595a2\" data-element_type=\"widget\" data-widget_type=\"heading.default\">\n\t\t\t\t<div class=\"elementor-widget-container\">\n\t\t\t<h2 class=\"elementor-heading-title elementor-size-default\">R\u00e4umlichkeiten der Akademie Hamm<\/h2>\t\t<\/div>\n\t\t\t\t<\/div>\n\t\t\t\t\t<\/div>\n\t\t<\/div>\n\t\t\t\t\t\t\t<\/div>\n\t\t<\/section>\n\t\t\t\t<section class=\"elementor-section elementor-top-section elementor-element elementor-element-1330807c0 elementor-section-full_width elementor-section-height-default elementor-section-height-default wpr-particle-no wpr-jarallax-no wpr-parallax-no wpr-sticky-section-no\" data-id=\"1330807c0\" data-element_type=\"section\">\n\t\t\t\t\t\t<div class=\"elementor-container elementor-column-gap-no\">\n\t\t\t\t\t<div class=\"elementor-column elementor-col-100 elementor-top-column elementor-element elementor-element-4fdd73e5\" data-id=\"4fdd73e5\" data-element_type=\"column\">\n\t\t\t<div class=\"elementor-widget-wrap elementor-element-populated\">\n\t\t\t\t\t\t\t\t<div class=\"elementor-element elementor-element-3efd17ed wpr-adv-slider-columns-1 wpr-adv-slider-columns--tablet1 wpr-adv-slider-columns--mobile1 wpr-adv-slides-to-scroll-1 wpr-slider-dots-horizontal elementor-widget elementor-widget-wpr-advanced-slider\" data-id=\"3efd17ed\" data-element_type=\"widget\" data-settings=\"{&quot;slider_amount&quot;:&quot;1&quot;,&quot;slider_amount_tablet&quot;:1,&quot;slider_amount_mobile&quot;:1,&quot;slides_to_scroll&quot;:1}\" data-widget_type=\"wpr-advanced-slider.default\">\n\t\t\t\t<div class=\"elementor-widget-container\">\n\t\t\t\r\n\t\t<!-- Advanced Slider -->\r\n\t\t<div class=\"wpr-advanced-slider-wrap\">\r\n\t\t\t\r\n\t\t\t<div class=\"wpr-advanced-slider\" dir=\"ltr\" data-slick=\"{&quot;rtl&quot;:false,&quot;infinite&quot;:true,&quot;speed&quot;:700,&quot;arrows&quot;:true,&quot;dots&quot;:true,&quot;autoplay&quot;:false,&quot;autoplaySpeed&quot;:0,&quot;pauseOnHover&quot;:&quot;&quot;,&quot;prevArrow&quot;:&quot;#wpr-slider-prev-3efd17ed&quot;,&quot;nextArrow&quot;:&quot;#wpr-slider-next-3efd17ed&quot;}\" data-slide-effect=\"slide\">\r\n\t\t\t\t<div class=\"wpr-slider-item elementor-repeater-item-af2bb90\"><div class=\"wpr-slider-item-bg \" style=\"background-image: url(http:\/\/galeriacologne.de\/akademie\/wp-content\/uploads\/2022\/08\/PANA4842.jpg)\"><\/div><div class=\"wpr-cv-container\"><div class=\"wpr-cv-outer\"><div class=\"wpr-cv-inner\"><div class=\"wpr-slider-content\"><div class=\"wpr-slider-sub-title\"><h3>Kursraum<\/h3><\/div><div class=\"wpr-slider-description\"><p>Flexibel und modern ausgestattet!<\/p><\/div><div class=\"wpr-slider-btns\"><a class=\"wpr-slider-secondary-btn\" href=\"#\">Galerie<\/a><\/div><\/div><\/div><\/div><\/div><\/div><div class=\"wpr-slider-item elementor-repeater-item-7f0dddd\"><div class=\"wpr-slider-item-bg \" style=\"background-image: url(http:\/\/galeriacologne.de\/akademie\/wp-content\/uploads\/2022\/08\/PANA4810.jpg)\"><\/div><div class=\"wpr-cv-container\"><div class=\"wpr-cv-outer\"><div class=\"wpr-cv-inner\"><div class=\"wpr-slider-content\"><div class=\"wpr-slider-sub-title\"><h3>Fotoatelier<\/h3><\/div><div class=\"wpr-slider-description\"><p>K\u00fcche und Fotoatelier und zweiter Kursraum Malerei.<\/p><\/div><div class=\"wpr-slider-btns\"><a class=\"wpr-slider-secondary-btn\" href=\"#\">Galerie<\/a><\/div><\/div><\/div><\/div><\/div><\/div>\t\t\t<\/div>\r\n\t\t\t<div class=\"wpr-slider-controls\">\r\n\t\t\t\t<div class=\"wpr-slider-dots\"><\/div>\r\n\t\t\t<\/div>\r\n\r\n\t\t\t<div class=\"wpr-slider-arrow-container\">\r\n\t\t\t\t<div class=\"wpr-slider-prev-arrow wpr-slider-arrow\" id=\"wpr-slider-prev-3efd17ed\">\r\n\t\t\t\t\t<svg version=\"1.1\" xmlns=\"http:\/\/www.w3.org\/2000\/svg\" xmlns:xlink=\"http:\/\/www.w3.org\/1999\/xlink\" x=\"0px\" y=\"0px\" viewBox=\"0 0 283.4 512\" style=\"enable-background:new 0 0 283.4 512;\" xml:space=\"preserve\"><g><polygon class=\"st0\" points=\"54.5,256.3 283.4,485.1 256.1,512.5 0,256.3 0,256.3 27.2,229 256.1,0 283.4,27.4 \"\/><\/g><\/svg>\t\t\t\t<\/div>\r\n\t\t\t\t<div class=\"wpr-slider-next-arrow wpr-slider-arrow\" id=\"wpr-slider-next-3efd17ed\">\r\n\t\t\t\t\t<svg version=\"1.1\" xmlns=\"http:\/\/www.w3.org\/2000\/svg\" xmlns:xlink=\"http:\/\/www.w3.org\/1999\/xlink\" x=\"0px\" y=\"0px\" viewBox=\"0 0 283.4 512\" style=\"enable-background:new 0 0 283.4 512;\" xml:space=\"preserve\"><g><polygon class=\"st0\" points=\"54.5,256.3 283.4,485.1 256.1,512.5 0,256.3 0,256.3 27.2,229 256.1,0 283.4,27.4 \"\/><\/g><\/svg>\t\t\t\t<\/div>\r\n\t\t\t<\/div>\r\n\t\t\t\r\n\t\t\t\r\n\t\t<\/div>\r\n\t\t\t\t<\/div>\n\t\t\t\t<\/div>\n\t\t\t\t\t<\/div>\n\t\t<\/div>\n\t\t\t\t\t\t\t<\/div>\n\t\t<\/section>\n\t\t\t\t\t\t\t<\/div>\n\t\t","protected":false},"excerpt":{"rendered":"<p>Willkommen bei der Kunstakademie Hamm an der Sieg Wir bieten Malkurse und Workshops im Bereich der Bildenden Kunst und Photographie und richten uns an Kunstinteressierte jedes Alters. Bei uns findest du Kurse zur Aquarell-, Gouache- und Acrylmalerei sowie vielf\u00e4ltige Fotoworkshops. Ein weiterer Schwerpunkt ist Urban Sketching, egal ob im klassischen [&hellip;]<\/p>\n","protected":false},"author":1,"featured_media":0,"parent":0,"menu_order":0,"comment_status":"closed","ping_status":"open","template":"","meta":{"ngg_post_thumbnail":0,"footnotes":""},"class_list":["post-2","page","type-page","status-publish","hentry"],"_links":{"self":[{"href":"http:\/\/galeriacologne.de\/akademie\/wp-json\/wp\/v2\/pages\/2","targetHints":{"allow":["GET"]}}],"collection":[{"href":"http:\/\/galeriacologne.de\/akademie\/wp-json\/wp\/v2\/pages"}],"about":[{"href":"http:\/\/galeriacologne.de\/akademie\/wp-json\/wp\/v2\/types\/page"}],"author":[{"embeddable":true,"href":"http:\/\/galeriacologne.de\/akademie\/wp-json\/wp\/v2\/users\/1"}],"replies":[{"embeddable":true,"href":"http:\/\/galeriacologne.de\/akademie\/wp-json\/wp\/v2\/comments?post=2"}],"version-history":[{"count":130,"href":"http:\/\/galeriacologne.de\/akademie\/wp-json\/wp\/v2\/pages\/2\/revisions"}],"predecessor-version":[{"id":501,"href":"http:\/\/galeriacologne.de\/akademie\/wp-json\/wp\/v2\/pages\/2\/revisions\/501"}],"wp:attachment":[{"href":"http:\/\/galeriacologne.de\/akademie\/wp-json\/wp\/v2\/media?parent=2"}],"curies":[{"name":"wp","href":"https:\/\/api.w.org\/{rel}","templated":true}]}}